{"id":5282,"date":"2021-04-08T10:57:16","date_gmt":"2021-04-08T14:57:16","guid":{"rendered":"https:\/\/santerreetfils.com\/avis-de-deces\/vital-leblanc\/"},"modified":"2022-03-05T07:04:05","modified_gmt":"2022-03-05T12:04:05","slug":"vital-leblanc","status":"publish","type":"deces","link":"https:\/\/santerreetfils.com\/en\/obituary\/vital-leblanc\/","title":{"rendered":"Vital Leblanc"},"content":{"rendered":"<p>\u00c0 son domicile, le 4 avril 2021, est d\u00e9c\u00e9d\u00e9 \u00a0\u00e0 l\u2019\u00e2ge de 80 ans, <strong>Monsieur Vital LeBlanc<\/strong> demeurant \u00e0 Carleton, natif de Nouvelle.<\/p>\n<p>Il \u00e9tait l\u2019\u00e9poux de Madame Marie Landry et le fils de feu Gildas LeBlanc et de feu L\u00e9onie Labillois.<\/p>\n<p><strong>Monsieur LeBlanc laisse dans le deuil:<\/strong><\/p>\n<p><strong>Son \u00e9pouse<\/strong><br \/>\nMarie<\/p>\n<p><strong>Ses fils<\/strong><br \/>\nYves<br \/>\nDario (Genevi\u00e8ve)<br \/>\nRiel (Kathy)<\/p>\n<p><strong>Ses petits-enfants<\/strong><br \/>\n\u00c9loi<br \/>\nTristan<br \/>\nAlex-Sandrine<br \/>\nArnaud<br \/>\nAntoinette<\/p>\n<p><strong>son fr\u00e8re<\/strong><br \/>\nGilles (Ginette)<\/p>\n<p><strong>sa s\u0153ur<\/strong><br \/>\nTh\u00e9r\u00e8se (Jacques)<\/p>\n<p><strong>Les membres de la famille Landry<\/strong><br \/>\nVital (Claire)<br \/>\nLucienne<br \/>\nLucien<br \/>\nRaymonde (Edmond)<br \/>\nRichard (Carole)<br \/>\nMireille (Gilles)<br \/>\nViola<\/p>\n<p><strong>Ainsi que de nombreux neveux, ni\u00e8ces, cousins, cousines et amis (es)<\/strong><\/p>\n<p>&nbsp;<\/p>\n<p><strong><em>Note importante<\/em><\/strong><br \/>\n<em><strong>Afin de respecter les recommandations du Minist\u00e8re de la sant\u00e9 publique, seulement 50 personnes sont autoris\u00e9es \u00e0 \u00eatre pr\u00e9sents, ceux et celles ayant re\u00e7u une invitation pourront se pr\u00e9senter au salon fun\u00e9raire et \u00e0 l\u2019\u00e9glise pour la tenue des fun\u00e9railles.<\/strong> <strong>Toutefois, les membres de la famille tiennent \u00e0 vous remercier chaleureusement pour vos v\u0153ux de sympathie, vos bonnes paroles et vous invitent \u00e0 \u00eatre pr\u00e9sents en pens\u00e9e le jour de la tenue des fun\u00e9railles.<\/strong><\/em><\/p>\n<p>&nbsp;<\/p>\n<p>La famille vous accueillera, sous invitation, le samedi 17 avril \u00e0 compter de 9H \u00e0 la Maison Fun\u00e9raire Santerre et fils Inc, situ\u00e9e au 18, rue Comeau \u00e0 Carleton. Les heures de visites sont de 9h \u00e0 10h50.<\/p>\n<p>Les fun\u00e9railles de Monsieur Leblanc seront c\u00e9l\u00e9br\u00e9es\u00a0 le samedi 17 avril 2021 \u00e0 11h en l\u2019\u00e9glise de Carleton.<\/p>\n<p>L\u2019inhumation des cendres aura lieu ult\u00e9rieurement au Cimeti\u00e8re de Nouvelle.<\/p>\n<p>&nbsp;<\/p>\n<p>&nbsp;<\/p>\n<p>La direction a \u00e9t\u00e9 confi\u00e9e \u00e0 la Maison fun\u00e9raire Santerre &amp; fils Inc., de Carleton, une entreprise membre et certifi\u00e9e Distinction de la Corporation des Thanatologues du Qu\u00e9bec.<\/p>\n<p>Le personnel de la Maison fun\u00e9raire Santerre &amp; fils offre ses plus sinc\u00e8res condol\u00e9ances \u00e0 la famille et la remercie pour sa confiance.<\/p>\n<p>Toutes vos marques de sympathie peuvent se traduire par un don \u00e0<br \/>\n<strong>Fondation Sant\u00e9 Baie-des-Chaleurs<br \/>\n<\/strong>CISSS de la Gasp\u00e9sie-R\u00e9seau local de la Baie-des-Chaleurs<br \/>\n419, boulevard Perron, Maria (Qu\u00e9bec)\u00a0 G0C 1Y0<br \/>\n418 759-3443, poste 2305, <a title=\"https:\/\/fondationsantebdc.com\" href=\"http:\/\/www.fondationsantebdc.com\" target=\"_blank\" rel=\"noopener noreferrer\">https:\/\/fondationsantebdc.com<\/a><\/p>\n<p>La famille tient \u00e0 remercier chaleureusement tout le personnel du d\u00e9partement\u00a0d&#8217;oncologie du centre hospitalier de Maria qui a pris soin de Vital durant les 18 derniers mois de sa vie.\u00a0 Une mention sp\u00e9ciale\u00a0aux docteurs Simon Pr\u00e9vost et Christian Lalibert\u00e9 qui ont fait preuve de beaucoup d&#8217;ouverture et d&#8217;empathie.\u00a0 Vous l&#8217;avez trait\u00e9 comme vous auriez trait\u00e9 votre propre parent.\u00a0 Merci\u00a0!\u00a0 Enfin, nous ne pouvons passer sous silence le professionnalisme et l&#8217;incomparable grandeur d&#8217;\u00e2me du personnel aux soins palliatifs \u00e0 domicile du CLSC de St-Omer.\u00a0 Yvan, Genevi\u00e8ve, Sabrina, Marie-Claude ainsi que tous les autres, gr\u00e2ce \u00e0 vous, le passage de notre cher Vital vers l&#8217;ultime \u00e9tape de sa vie s&#8217;est fait tout en douceur.\u00a0 Vous avez transform\u00e9 l&#8217;action m\u00e9dicale en action humanitaire.\u00a0 Nous ne vous en remercierons jamais assez.\u00a0 Merci d&#8217;avoir \u00e9t\u00e9 l\u00e0 !\u00a0 Merci d&#8217;avoir fait la diff\u00e9rence !<\/p>\n<p>&nbsp;<\/p>\n","protected":false},"featured_media":7889,"comment_status":"open","ping_status":"closed","template":"","meta":{"_acf_changed":false,"jetpack_publicize_message":"","jetpack_publicize_feature_enabled":true,"jetpack_social_post_already_shared":false,"jetpack_social_options":{"image_generator_settings":{"template":"highway","default_image_id":0,"font":"","enabled":false},"version":2}},"class_list":["post-5282","deces","type-deces","status-publish","has-post-thumbnail","hentry"],"acf":[],"yoast_head":"<!-- This site is optimized with the Yoast SEO plugin v26.9 - https:\/\/yoast.com\/product\/yoast-seo-wordpress\/ -->\n<title>Obituary : Vital Leblanc, 1941-01-04 \u2013 2021-04-04<\/title>\n<meta name=\"robots\" content=\"index, follow, max-snippet:-1, max-image-preview:large, max-video-preview:-1\" \/>\n<link rel=\"canonical\" href=\"https:\/\/santerreetfils.com\/en\/obituary\/vital-leblanc\/\" \/>\n<meta property=\"og:locale\" content=\"en_US\" \/>\n<meta property=\"og:type\" content=\"article\" \/>\n<meta property=\"og:title\" content=\"Obituary : Vital Leblanc, 1941-01-04 \u2013 2021-04-04\" \/>\n<meta property=\"og:description\" content=\"\u00c0 son domicile, le 4 avril 2021, est d\u00e9c\u00e9d\u00e9 \u00a0\u00e0 l\u2019\u00e2ge de 80 ans, Monsieur Vital LeBlanc demeurant \u00e0 Carleton, natif de Nouvelle. Il \u00e9tait l\u2019\u00e9poux de Madame Marie Landry et le fils de feu Gildas LeBlanc et de feu L\u00e9onie Labillois. Monsieur LeBlanc laisse dans le deuil: Son \u00e9pouse Marie Ses fils Yves Dario [&hellip;]\" \/>\n<meta property=\"og:url\" content=\"https:\/\/santerreetfils.com\/en\/obituary\/vital-leblanc\/\" \/>\n<meta property=\"og:site_name\" content=\"Santerre &amp; Fils - Maison fun\u00e9raire\" \/>\n<meta property=\"article:modified_time\" content=\"2022-03-05T12:04:05+00:00\" \/>\n<meta property=\"og:image\" content=\"https:\/\/santerreetfils.com\/wp-content\/uploads\/2021\/04\/vital-leblanc.jpg\" \/>\n\t<meta property=\"og:image:width\" content=\"188\" \/>\n\t<meta property=\"og:image:height\" content=\"260\" \/>\n\t<meta property=\"og:image:type\" content=\"image\/jpeg\" \/>\n<meta name=\"twitter:card\" content=\"summary_large_image\" \/>\n<meta name=\"twitter:label1\" content=\"Est. reading time\" \/>\n\t<meta name=\"twitter:data1\" content=\"2 minutes\" \/>\n<script type=\"application\/ld+json\" class=\"yoast-schema-graph\">{\"@context\":\"https:\/\/schema.org\",\"@graph\":[{\"@type\":\"WebPage\",\"@id\":\"https:\/\/santerreetfils.com\/en\/obituary\/vital-leblanc\/\",\"url\":\"https:\/\/santerreetfils.com\/en\/obituary\/vital-leblanc\/\",\"name\":\"Vital Leblanc - Santerre &amp; Fils - Maison fun\u00e9raire\",\"isPartOf\":{\"@id\":\"https:\/\/santerreetfils.com\/en\/#website\"},\"primaryImageOfPage\":{\"@id\":\"https:\/\/santerreetfils.com\/en\/obituary\/vital-leblanc\/#primaryimage\"},\"image\":{\"@id\":\"https:\/\/santerreetfils.com\/en\/obituary\/vital-leblanc\/#primaryimage\"},\"thumbnailUrl\":\"https:\/\/santerreetfils.com\/wp-content\/uploads\/2021\/04\/vital-leblanc.jpg\",\"datePublished\":\"2021-04-08T14:57:16+00:00\",\"dateModified\":\"2022-03-05T12:04:05+00:00\",\"breadcrumb\":{\"@id\":\"https:\/\/santerreetfils.com\/en\/obituary\/vital-leblanc\/#breadcrumb\"},\"inLanguage\":\"en-US\",\"potentialAction\":[{\"@type\":\"ReadAction\",\"target\":[\"https:\/\/santerreetfils.com\/en\/obituary\/vital-leblanc\/\"]}]},{\"@type\":\"ImageObject\",\"inLanguage\":\"en-US\",\"@id\":\"https:\/\/santerreetfils.com\/en\/obituary\/vital-leblanc\/#primaryimage\",\"url\":\"https:\/\/santerreetfils.com\/wp-content\/uploads\/2021\/04\/vital-leblanc.jpg\",\"contentUrl\":\"https:\/\/santerreetfils.com\/wp-content\/uploads\/2021\/04\/vital-leblanc.jpg\",\"width\":188,\"height\":260},{\"@type\":\"BreadcrumbList\",\"@id\":\"https:\/\/santerreetfils.com\/en\/obituary\/vital-leblanc\/#breadcrumb\",\"itemListElement\":[{\"@type\":\"ListItem\",\"position\":1,\"name\":\"Accueil\",\"item\":\"https:\/\/santerreetfils.com\/en\/\"},{\"@type\":\"ListItem\",\"position\":2,\"name\":\"Avis de d\u00e9c\u00e8s\",\"item\":\"https:\/\/santerreetfils.com\/en\/obituary\/\"},{\"@type\":\"ListItem\",\"position\":3,\"name\":\"Vital Leblanc\"}]},{\"@type\":\"WebSite\",\"@id\":\"https:\/\/santerreetfils.com\/en\/#website\",\"url\":\"https:\/\/santerreetfils.com\/en\/\",\"name\":\"Santerre &amp; Fils - Maison fun\u00e9raire\",\"description\":\"\",\"potentialAction\":[{\"@type\":\"SearchAction\",\"target\":{\"@type\":\"EntryPoint\",\"urlTemplate\":\"https:\/\/santerreetfils.com\/en\/?s={search_term_string}\"},\"query-input\":{\"@type\":\"PropertyValueSpecification\",\"valueRequired\":true,\"valueName\":\"search_term_string\"}}],\"inLanguage\":\"en-US\"}]}<\/script>\n<!-- \/ Yoast SEO plugin. -->","yoast_head_json":{"title":"Obituary : Vital Leblanc, 1941-01-04 \u2013 2021-04-04","robots":{"index":"index","follow":"follow","max-snippet":"max-snippet:-1","max-image-preview":"max-image-preview:large","max-video-preview":"max-video-preview:-1"},"canonical":"https:\/\/santerreetfils.com\/en\/obituary\/vital-leblanc\/","og_locale":"en_US","og_type":"article","og_title":"Obituary : Vital Leblanc, 1941-01-04 \u2013 2021-04-04","og_description":"\u00c0 son domicile, le 4 avril 2021, est d\u00e9c\u00e9d\u00e9 \u00a0\u00e0 l\u2019\u00e2ge de 80 ans, Monsieur Vital LeBlanc demeurant \u00e0 Carleton, natif de Nouvelle. Il \u00e9tait l\u2019\u00e9poux de Madame Marie Landry et le fils de feu Gildas LeBlanc et de feu L\u00e9onie Labillois. Monsieur LeBlanc laisse dans le deuil: Son \u00e9pouse Marie Ses fils Yves Dario [&hellip;]","og_url":"https:\/\/santerreetfils.com\/en\/obituary\/vital-leblanc\/","og_site_name":"Santerre &amp; Fils - Maison fun\u00e9raire","article_modified_time":"2022-03-05T12:04:05+00:00","og_image":[{"width":188,"height":260,"url":"https:\/\/santerreetfils.com\/wp-content\/uploads\/2021\/04\/vital-leblanc.jpg","type":"image\/jpeg"}],"twitter_card":"summary_large_image","twitter_misc":{"Est. reading time":"2 minutes"},"schema":{"@context":"https:\/\/schema.org","@graph":[{"@type":"WebPage","@id":"https:\/\/santerreetfils.com\/en\/obituary\/vital-leblanc\/","url":"https:\/\/santerreetfils.com\/en\/obituary\/vital-leblanc\/","name":"Vital Leblanc - Santerre &amp; Fils - Maison fun\u00e9raire","isPartOf":{"@id":"https:\/\/santerreetfils.com\/en\/#website"},"primaryImageOfPage":{"@id":"https:\/\/santerreetfils.com\/en\/obituary\/vital-leblanc\/#primaryimage"},"image":{"@id":"https:\/\/santerreetfils.com\/en\/obituary\/vital-leblanc\/#primaryimage"},"thumbnailUrl":"https:\/\/santerreetfils.com\/wp-content\/uploads\/2021\/04\/vital-leblanc.jpg","datePublished":"2021-04-08T14:57:16+00:00","dateModified":"2022-03-05T12:04:05+00:00","breadcrumb":{"@id":"https:\/\/santerreetfils.com\/en\/obituary\/vital-leblanc\/#breadcrumb"},"inLanguage":"en-US","potentialAction":[{"@type":"ReadAction","target":["https:\/\/santerreetfils.com\/en\/obituary\/vital-leblanc\/"]}]},{"@type":"ImageObject","inLanguage":"en-US","@id":"https:\/\/santerreetfils.com\/en\/obituary\/vital-leblanc\/#primaryimage","url":"https:\/\/santerreetfils.com\/wp-content\/uploads\/2021\/04\/vital-leblanc.jpg","contentUrl":"https:\/\/santerreetfils.com\/wp-content\/uploads\/2021\/04\/vital-leblanc.jpg","width":188,"height":260},{"@type":"BreadcrumbList","@id":"https:\/\/santerreetfils.com\/en\/obituary\/vital-leblanc\/#breadcrumb","itemListElement":[{"@type":"ListItem","position":1,"name":"Accueil","item":"https:\/\/santerreetfils.com\/en\/"},{"@type":"ListItem","position":2,"name":"Avis de d\u00e9c\u00e8s","item":"https:\/\/santerreetfils.com\/en\/obituary\/"},{"@type":"ListItem","position":3,"name":"Vital Leblanc"}]},{"@type":"WebSite","@id":"https:\/\/santerreetfils.com\/en\/#website","url":"https:\/\/santerreetfils.com\/en\/","name":"Santerre &amp; Fils - Maison fun\u00e9raire","description":"","potentialAction":[{"@type":"SearchAction","target":{"@type":"EntryPoint","urlTemplate":"https:\/\/santerreetfils.com\/en\/?s={search_term_string}"},"query-input":{"@type":"PropertyValueSpecification","valueRequired":true,"valueName":"search_term_string"}}],"inLanguage":"en-US"}]}},"jetpack_publicize_connections":[],"_links":{"self":[{"href":"https:\/\/santerreetfils.com\/en\/wp-json\/wp\/v2\/deces\/5282","targetHints":{"allow":["GET"]}}],"collection":[{"href":"https:\/\/santerreetfils.com\/en\/wp-json\/wp\/v2\/deces"}],"about":[{"href":"https:\/\/santerreetfils.com\/en\/wp-json\/wp\/v2\/types\/deces"}],"replies":[{"embeddable":true,"href":"https:\/\/santerreetfils.com\/en\/wp-json\/wp\/v2\/comments?post=5282"}],"wp:featuredmedia":[{"embeddable":true,"href":"https:\/\/santerreetfils.com\/en\/wp-json\/wp\/v2\/media\/7889"}],"wp:attachment":[{"href":"https:\/\/santerreetfils.com\/en\/wp-json\/wp\/v2\/media?parent=5282"}],"curies":[{"name":"wp","href":"https:\/\/api.w.org\/{rel}","templated":true}]}}