{"id":5292,"date":"2021-04-08T10:14:33","date_gmt":"2021-04-08T14:14:33","guid":{"rendered":"https:\/\/santerreetfils.com\/avis-de-deces\/raymond-ouellet\/"},"modified":"2022-03-05T07:04:05","modified_gmt":"2022-03-05T12:04:05","slug":"raymond-ouellet","status":"publish","type":"deces","link":"https:\/\/santerreetfils.com\/en\/obituary\/raymond-ouellet\/","title":{"rendered":"Raymond Ouellet"},"content":{"rendered":"<div class=\"wpb-content-wrapper\"><p>Au Centre Hospitalier Baie-des-Chaleurs de Maria le 3 mars 2021, est d\u00e9c\u00e9d\u00e9 \u00e0 l&#8217;\u00e2ge de 74 ans monsieur Raymond Ouellet \u00e9poux de Lysette Landry, il demeurait \u00e0 Carleton.<\/p>\n<p>Il \u00e9tait le fils de feu Marie-Rose Roy et de feu Louis-Philippe Ouellet (deuxi\u00e8me noces Caroline Francoeur) et (troisi\u00e8me noces Mariana Francoeur).<\/p>\n<p>&nbsp;<\/p>\n<p>Monsieur Ouellet laisse dans le deuil:<\/p>\n<p>Son \u00e9pouse Lysette<\/p>\n<p>&nbsp;<\/p>\n<p>Ses enfants<\/p>\n<p>Patrick (Annie Roy)<\/p>\n<p>Marie-\u00c8ve ( S\u00e9bastien Gingras)<\/p>\n<p>&nbsp;<\/p>\n<p>Ses petits-enfants<\/p>\n<p>Louis-David<\/p>\n<p>Alex<\/p>\n<p>Rafael<\/p>\n<p>Maxym<\/p>\n<p>&nbsp;<\/p>\n<p>Son fr\u00e8re et s\u0153urs<\/p>\n<p>feu Emanuel Roger Ouellet<\/p>\n<p>Lucille Ouellet<\/p>\n<p>feu Muriel Ouellet<\/p>\n<p>Dolor\u00e8s Ouellet<\/p>\n<p>&nbsp;<\/p>\n<p>Il laisse aussi ses nombreux neveux et ni\u00e8ces, cousins, cousines ainsi que tous les autres membres des familles Ouellet et Landry.<\/p>\n<p>&nbsp;<\/p>\n<p>La direction a \u00e9t\u00e9 confi\u00e9e \u00e0 la Maison fun\u00e9raire Santerre &amp; fils\u00a0 Inc., de Carleton, une entreprise membre et certifi\u00e9e Distinction de la Corporation des Thanatologues du Qu\u00e9bec.<\/p>\n<p>&nbsp;<\/p>\n<p><strong>Toute marque de sympathie peut se traduire par un don \u00e0:<\/strong><\/p>\n<div class=\"body_wrap\">\n<div class=\"page_wrap\">\n<div class=\"page_content_wrap\">\n<div class=\"content_wrap\">\n<div class=\"content\">\n<article class=\"itemscope post_item post_item_single post_featured_default post_format_standard post-366 page type-page status-publish hentry\">\n<div class=\"avis-deces-content\">\n<section class=\"post_content\">\n<div class=\"vc_row wpb_row vc_row-fluid\">\n<div id=\"accompagnement\" class=\"wpb_column vc_column_container vc_col-sm-12\">\n<div class=\"vc_column-inner\">\n<div class=\"wpb_wrapper\">\n<div class=\"sc_section\">\n<div class=\"columns_wrap sc_columns columns_nofluid sc_columns_count_2 animated fadeInUp normal\" data-animation=\"animated fadeInUp normal\">\n<div class=\"column-1_2 sc_column_item sc_column_item_2 even\">\n<div class=\"wpb_text_column wpb_content_element \">\n<div class=\"wpb_wrapper\">\n<p><strong>Fondation Sant\u00e9 Baie-des-Chaleurs<br \/>\n<\/strong>CISSS de la Gasp\u00e9sie-R\u00e9seau local de la Baie-des-Chaleurs<br \/>\n419, boulevard Perron, Maria (Qu\u00e9bec)\u00a0 G0C 1Y0<br \/>\n418 759-3443, poste 2305, <a title=\"https:\/\/fondationsantebdc.com\" href=\"http:\/\/www.fondationsantebdc.com\/\" target=\"_blank\" rel=\"noopener noreferrer\">https:\/\/fondationsantebdc.com<\/a><\/p>\n<\/div>\n<\/div>\n<\/div>\n<\/div>\n<\/div>\n<\/div>\n<\/div>\n<\/div>\n<\/div>\n<\/section>\n<\/div>\n<\/article>\n<\/div>\n<\/div>\n<\/div>\n<\/div>\n<\/div>\n<p>&nbsp;<\/p>\n<p>La famille d\u00e9sire remercier chaleureusement l\u2019\u00e9quipe m\u00e9dicale du Centre Hospitalier Baie-des-Chaleurs de Maria, les m\u00e9decins et le personnel soignant pour la qualit\u00e9 des soins prodigu\u00e9s et leur approche humaine.<\/p>\n<p>&nbsp;<\/p>\n<div class=\"body_wrap\">\n<div class=\"page_wrap\">\n<div class=\"page_content_wrap\">\n<div class=\"content_wrap\">\n<div class=\"content\">\n<article class=\"itemscope post_item post_item_single post_featured_default post_format_standard post-366 page type-page status-publish hentry\">\n<div class=\"avis-deces-content\">\n<section class=\"post_content\">\n<div class=\"vc_row wpb_row vc_row-fluid\">\n<div id=\"accompagnement\" class=\"wpb_column vc_column_container vc_col-sm-12\">\n<div class=\"vc_column-inner\">\n<div class=\"wpb_wrapper\">\n<div class=\"sc_section\">\n<div class=\"columns_wrap sc_columns columns_nofluid sc_columns_count_2 animated fadeInUp normal\" data-animation=\"animated fadeInUp normal\">\n<div class=\"column-1_2 sc_column_item sc_column_item_2 even\">\n<div class=\"wpb_text_column wpb_content_element \">\n<div class=\"wpb_wrapper\">\n<p>Le personnel de la Maison fun\u00e9raire Santerre &amp; fils Inc., offre \u00e0 la famille ses plus sinc\u00e8res condol\u00e9ances et la remercie pour sa confiance.<\/p>\n<\/div>\n<\/div>\n<\/div>\n<\/div>\n<\/div>\n<\/div>\n<\/div>\n<\/div>\n<\/div>\n<\/section>\n<\/div>\n<\/article>\n<\/div>\n<\/div>\n<\/div>\n<\/div>\n<\/div>\n<p>&nbsp;<\/p>\n<p>&nbsp;<\/p>\n<p>&nbsp;<\/p>\n<p>&nbsp;<\/p>\n<p>&nbsp;<\/p>\n<\/div>","protected":false},"featured_media":5249,"comment_status":"open","ping_status":"closed","template":"","meta":{"_acf_changed":false,"jetpack_publicize_message":"","jetpack_publicize_feature_enabled":true,"jetpack_social_post_already_shared":false,"jetpack_social_options":{"image_generator_settings":{"template":"highway","default_image_id":0,"font":"","enabled":false},"version":2}},"class_list":["post-5292","deces","type-deces","status-publish","has-post-thumbnail","hentry"],"acf":[],"yoast_head":"<!-- This site is optimized with the Yoast SEO plugin v26.9 - https:\/\/yoast.com\/product\/yoast-seo-wordpress\/ -->\n<title>Obituary : Raymond OUELLET, 1946-07-08 \u2013 2021-03-03<\/title>\n<meta name=\"robots\" content=\"index, follow, max-snippet:-1, max-image-preview:large, max-video-preview:-1\" \/>\n<link rel=\"canonical\" href=\"https:\/\/santerreetfils.com\/en\/obituary\/raymond-ouellet\/\" \/>\n<meta property=\"og:locale\" content=\"en_US\" \/>\n<meta property=\"og:type\" content=\"article\" \/>\n<meta property=\"og:title\" content=\"Obituary : Raymond OUELLET, 1946-07-08 \u2013 2021-03-03\" \/>\n<meta property=\"og:description\" content=\"Au Centre Hospitalier Baie-des-Chaleurs de Maria le 3 mars 2021, est d\u00e9c\u00e9d\u00e9 \u00e0 l&#8217;\u00e2ge de 74 ans monsieur Raymond Ouellet \u00e9poux de Lysette Landry, il demeurait \u00e0 Carleton. Il \u00e9tait le fils de feu Marie-Rose Roy et de feu Louis-Philippe Ouellet (deuxi\u00e8me noces Caroline Francoeur) et (troisi\u00e8me noces Mariana Francoeur). &nbsp; Monsieur Ouellet laisse dans [&hellip;]\" \/>\n<meta property=\"og:url\" content=\"https:\/\/santerreetfils.com\/en\/obituary\/raymond-ouellet\/\" \/>\n<meta property=\"og:site_name\" content=\"Santerre &amp; Fils - Maison fun\u00e9raire\" \/>\n<meta property=\"article:modified_time\" content=\"2022-03-05T12:04:05+00:00\" \/>\n<meta property=\"og:image\" content=\"https:\/\/santerreetfils.com\/wp-content\/uploads\/2021\/04\/Raymond-Ouellet.jpg\" \/>\n\t<meta property=\"og:image:width\" content=\"545\" \/>\n\t<meta property=\"og:image:height\" content=\"539\" \/>\n\t<meta property=\"og:image:type\" content=\"image\/jpeg\" \/>\n<meta name=\"twitter:card\" content=\"summary_large_image\" \/>\n<meta name=\"twitter:label1\" content=\"Est. reading time\" \/>\n\t<meta name=\"twitter:data1\" content=\"1 minute\" \/>\n<script type=\"application\/ld+json\" class=\"yoast-schema-graph\">{\"@context\":\"https:\/\/schema.org\",\"@graph\":[{\"@type\":\"WebPage\",\"@id\":\"https:\/\/santerreetfils.com\/en\/obituary\/raymond-ouellet\/\",\"url\":\"https:\/\/santerreetfils.com\/en\/obituary\/raymond-ouellet\/\",\"name\":\"Raymond Ouellet - Santerre &amp; Fils - Maison fun\u00e9raire\",\"isPartOf\":{\"@id\":\"https:\/\/santerreetfils.com\/en\/#website\"},\"primaryImageOfPage\":{\"@id\":\"https:\/\/santerreetfils.com\/en\/obituary\/raymond-ouellet\/#primaryimage\"},\"image\":{\"@id\":\"https:\/\/santerreetfils.com\/en\/obituary\/raymond-ouellet\/#primaryimage\"},\"thumbnailUrl\":\"https:\/\/santerreetfils.com\/wp-content\/uploads\/2021\/04\/Raymond-Ouellet.jpg\",\"datePublished\":\"2021-04-08T14:14:33+00:00\",\"dateModified\":\"2022-03-05T12:04:05+00:00\",\"breadcrumb\":{\"@id\":\"https:\/\/santerreetfils.com\/en\/obituary\/raymond-ouellet\/#breadcrumb\"},\"inLanguage\":\"en-US\",\"potentialAction\":[{\"@type\":\"ReadAction\",\"target\":[\"https:\/\/santerreetfils.com\/en\/obituary\/raymond-ouellet\/\"]}]},{\"@type\":\"ImageObject\",\"inLanguage\":\"en-US\",\"@id\":\"https:\/\/santerreetfils.com\/en\/obituary\/raymond-ouellet\/#primaryimage\",\"url\":\"https:\/\/santerreetfils.com\/wp-content\/uploads\/2021\/04\/Raymond-Ouellet.jpg\",\"contentUrl\":\"https:\/\/santerreetfils.com\/wp-content\/uploads\/2021\/04\/Raymond-Ouellet.jpg\",\"width\":545,\"height\":539},{\"@type\":\"BreadcrumbList\",\"@id\":\"https:\/\/santerreetfils.com\/en\/obituary\/raymond-ouellet\/#breadcrumb\",\"itemListElement\":[{\"@type\":\"ListItem\",\"position\":1,\"name\":\"Accueil\",\"item\":\"https:\/\/santerreetfils.com\/en\/\"},{\"@type\":\"ListItem\",\"position\":2,\"name\":\"Avis de d\u00e9c\u00e8s\",\"item\":\"https:\/\/santerreetfils.com\/en\/obituary\/\"},{\"@type\":\"ListItem\",\"position\":3,\"name\":\"Raymond Ouellet\"}]},{\"@type\":\"WebSite\",\"@id\":\"https:\/\/santerreetfils.com\/en\/#website\",\"url\":\"https:\/\/santerreetfils.com\/en\/\",\"name\":\"Santerre &amp; Fils - Maison fun\u00e9raire\",\"description\":\"\",\"potentialAction\":[{\"@type\":\"SearchAction\",\"target\":{\"@type\":\"EntryPoint\",\"urlTemplate\":\"https:\/\/santerreetfils.com\/en\/?s={search_term_string}\"},\"query-input\":{\"@type\":\"PropertyValueSpecification\",\"valueRequired\":true,\"valueName\":\"search_term_string\"}}],\"inLanguage\":\"en-US\"}]}<\/script>\n<!-- \/ Yoast SEO plugin. -->","yoast_head_json":{"title":"Obituary : Raymond OUELLET, 1946-07-08 \u2013 2021-03-03","robots":{"index":"index","follow":"follow","max-snippet":"max-snippet:-1","max-image-preview":"max-image-preview:large","max-video-preview":"max-video-preview:-1"},"canonical":"https:\/\/santerreetfils.com\/en\/obituary\/raymond-ouellet\/","og_locale":"en_US","og_type":"article","og_title":"Obituary : Raymond OUELLET, 1946-07-08 \u2013 2021-03-03","og_description":"Au Centre Hospitalier Baie-des-Chaleurs de Maria le 3 mars 2021, est d\u00e9c\u00e9d\u00e9 \u00e0 l&#8217;\u00e2ge de 74 ans monsieur Raymond Ouellet \u00e9poux de Lysette Landry, il demeurait \u00e0 Carleton. Il \u00e9tait le fils de feu Marie-Rose Roy et de feu Louis-Philippe Ouellet (deuxi\u00e8me noces Caroline Francoeur) et (troisi\u00e8me noces Mariana Francoeur). &nbsp; Monsieur Ouellet laisse dans [&hellip;]","og_url":"https:\/\/santerreetfils.com\/en\/obituary\/raymond-ouellet\/","og_site_name":"Santerre &amp; Fils - Maison fun\u00e9raire","article_modified_time":"2022-03-05T12:04:05+00:00","og_image":[{"width":545,"height":539,"url":"https:\/\/santerreetfils.com\/wp-content\/uploads\/2021\/04\/Raymond-Ouellet.jpg","type":"image\/jpeg"}],"twitter_card":"summary_large_image","twitter_misc":{"Est. reading time":"1 minute"},"schema":{"@context":"https:\/\/schema.org","@graph":[{"@type":"WebPage","@id":"https:\/\/santerreetfils.com\/en\/obituary\/raymond-ouellet\/","url":"https:\/\/santerreetfils.com\/en\/obituary\/raymond-ouellet\/","name":"Raymond Ouellet - Santerre &amp; Fils - Maison fun\u00e9raire","isPartOf":{"@id":"https:\/\/santerreetfils.com\/en\/#website"},"primaryImageOfPage":{"@id":"https:\/\/santerreetfils.com\/en\/obituary\/raymond-ouellet\/#primaryimage"},"image":{"@id":"https:\/\/santerreetfils.com\/en\/obituary\/raymond-ouellet\/#primaryimage"},"thumbnailUrl":"https:\/\/santerreetfils.com\/wp-content\/uploads\/2021\/04\/Raymond-Ouellet.jpg","datePublished":"2021-04-08T14:14:33+00:00","dateModified":"2022-03-05T12:04:05+00:00","breadcrumb":{"@id":"https:\/\/santerreetfils.com\/en\/obituary\/raymond-ouellet\/#breadcrumb"},"inLanguage":"en-US","potentialAction":[{"@type":"ReadAction","target":["https:\/\/santerreetfils.com\/en\/obituary\/raymond-ouellet\/"]}]},{"@type":"ImageObject","inLanguage":"en-US","@id":"https:\/\/santerreetfils.com\/en\/obituary\/raymond-ouellet\/#primaryimage","url":"https:\/\/santerreetfils.com\/wp-content\/uploads\/2021\/04\/Raymond-Ouellet.jpg","contentUrl":"https:\/\/santerreetfils.com\/wp-content\/uploads\/2021\/04\/Raymond-Ouellet.jpg","width":545,"height":539},{"@type":"BreadcrumbList","@id":"https:\/\/santerreetfils.com\/en\/obituary\/raymond-ouellet\/#breadcrumb","itemListElement":[{"@type":"ListItem","position":1,"name":"Accueil","item":"https:\/\/santerreetfils.com\/en\/"},{"@type":"ListItem","position":2,"name":"Avis de d\u00e9c\u00e8s","item":"https:\/\/santerreetfils.com\/en\/obituary\/"},{"@type":"ListItem","position":3,"name":"Raymond Ouellet"}]},{"@type":"WebSite","@id":"https:\/\/santerreetfils.com\/en\/#website","url":"https:\/\/santerreetfils.com\/en\/","name":"Santerre &amp; Fils - Maison fun\u00e9raire","description":"","potentialAction":[{"@type":"SearchAction","target":{"@type":"EntryPoint","urlTemplate":"https:\/\/santerreetfils.com\/en\/?s={search_term_string}"},"query-input":{"@type":"PropertyValueSpecification","valueRequired":true,"valueName":"search_term_string"}}],"inLanguage":"en-US"}]}},"jetpack_publicize_connections":[],"_links":{"self":[{"href":"https:\/\/santerreetfils.com\/en\/wp-json\/wp\/v2\/deces\/5292","targetHints":{"allow":["GET"]}}],"collection":[{"href":"https:\/\/santerreetfils.com\/en\/wp-json\/wp\/v2\/deces"}],"about":[{"href":"https:\/\/santerreetfils.com\/en\/wp-json\/wp\/v2\/types\/deces"}],"replies":[{"embeddable":true,"href":"https:\/\/santerreetfils.com\/en\/wp-json\/wp\/v2\/comments?post=5292"}],"wp:featuredmedia":[{"embeddable":true,"href":"https:\/\/santerreetfils.com\/en\/wp-json\/wp\/v2\/media\/5249"}],"wp:attachment":[{"href":"https:\/\/santerreetfils.com\/en\/wp-json\/wp\/v2\/media?parent=5292"}],"curies":[{"name":"wp","href":"https:\/\/api.w.org\/{rel}","templated":true}]}}