{"id":5350,"date":"2020-12-03T12:36:43","date_gmt":"2020-12-03T17:36:43","guid":{"rendered":"https:\/\/santerreetfils.com\/avis-de-deces\/georgine-fallu\/"},"modified":"2022-03-05T07:04:07","modified_gmt":"2022-03-05T12:04:07","slug":"georgine-fallu","status":"publish","type":"deces","link":"https:\/\/santerreetfils.com\/en\/obituary\/georgine-fallu\/","title":{"rendered":"Georgine Fallu"},"content":{"rendered":"<p>\u00c0 la R\u00e9sidence L\u2019Aube-Rivi\u00e8re de Nouvelle, le 2 d\u00e9cembre 2020 est d\u00e9c\u00e9d\u00e9e \u00e0 l\u2019\u00e2ge de 98 ans\u00a0 <strong>Madame Georgine \u00a0Fallu<\/strong> demeurant \u00e0 Nouvelle. Elle \u00e9tait l\u2019\u00e9pouse de feu Roland Leblanc<\/p>\n<p>&nbsp;<\/p>\n<p><strong>Madame Fallu-Leblanc laisse dans le deuil<\/strong><\/p>\n<p><strong>ses enfants<\/strong><br \/>\nJosette (Denis Loubert)<br \/>\nJean-Yves (C\u00e9line Landry)<br \/>\nMonelle (Yvan Landry)<\/p>\n<p><strong>ses petits-enfants<\/strong><br \/>\nMarie-Jos\u00e9e<br \/>\nDany<br \/>\nCindy<br \/>\nAnne<br \/>\nMonica<br \/>\nJean-Michel<\/p>\n<p><strong>ses arri\u00e8re-petits-enfants<\/strong><\/p>\n<p><strong>ainsi que les autres membres des familles Leblanc et Fallu.<\/strong><\/p>\n<p>&nbsp;<\/p>\n<p><strong>Avis important\u00a0<\/strong><\/p>\n<p><em>Compte tenu des circonstances actuelles et des directives de la Sant\u00e9 Publique, le port du masque obligatoire et la distanciation sociale doivent \u00eatre respect\u00e9s en tout temps. De plus, le nombre maximum de personnes autoris\u00e9\u00a0 \u00e0 assister aux fun\u00e9railles dans l&#8217;\u00e9glise de Nouvelle est de 120 personnes.<br \/>\n<\/em><\/p>\n<p>&nbsp;<\/p>\n<p>Les fun\u00e9railles de madame Fallu seront c\u00e9l\u00e9br\u00e9es en l\u2019\u00e9glise de Nouvelle le vendredi 4 d\u00e9cembre \u00a0\u00e0 14 h 30. L\u2019inhumation aura lieu au cimeti\u00e8re de Nouvelle \u00e0 l&#8217;\u00e9t\u00e9 2021.<\/p>\n<p>La direction a \u00e9t\u00e9 confi\u00e9e \u00e0 la Maison fun\u00e9raire Santerre &amp; Fils Inc., de Nouvelle, une entreprise membre et certifi\u00e9e Distinction de la Corporation des Thanatologues du Qu\u00e9bec.<\/p>\n<p>Toutes vos marques de sympathie peuvent se traduire par un don \u00e0<br \/>\n<strong>Fondation Sant\u00e9 Baie-des-Chaleurs<br \/>\n<\/strong>CISSS de la Gasp\u00e9sie-R\u00e9seau local de la Baie-des-Chaleurs<br \/>\n419, boulevard Perron, Maria (Qu\u00e9bec)\u00a0 G0C 1Y0<br \/>\n418 759-3443, poste 2305, <a title=\"https:\/\/fondationsantebdc.com\" href=\"http:\/\/www.fondationsantebdc.com\" target=\"_blank\" rel=\"noopener noreferrer\">https:\/\/fondationsantebdc.com<\/a><\/p>\n<p>La famille remercie chaleureusement Elvine Leblanc, ainsi que tout le personnel de l\u2019Aube Rivi\u00e8re pour leur d\u00e9vouement et la qualit\u00e9 des soins.<\/p>\n<p>Le personnel de la Maison fun\u00e9raire Santerre &amp; fils offre \u00e0 la famille ses plus sinc\u00e8res condol\u00e9ances et la remercie pour sa confiance.<\/p>\n","protected":false},"featured_media":5352,"comment_status":"open","ping_status":"closed","template":"","meta":{"_acf_changed":false,"jetpack_publicize_message":"","jetpack_publicize_feature_enabled":true,"jetpack_social_post_already_shared":false,"jetpack_social_options":{"image_generator_settings":{"template":"highway","default_image_id":0,"font":"","enabled":false},"version":2}},"class_list":["post-5350","deces","type-deces","status-publish","has-post-thumbnail","hentry"],"acf":[],"yoast_head":"<!-- This site is optimized with the Yoast SEO plugin v26.9 - https:\/\/yoast.com\/product\/yoast-seo-wordpress\/ -->\n<title>Obituary : G\u00e9orgine Fallu, 1922-06-22 \u2013 2020-12-02<\/title>\n<meta name=\"robots\" content=\"index, follow, max-snippet:-1, max-image-preview:large, max-video-preview:-1\" \/>\n<link rel=\"canonical\" href=\"https:\/\/santerreetfils.com\/en\/obituary\/georgine-fallu\/\" \/>\n<meta property=\"og:locale\" content=\"en_US\" \/>\n<meta property=\"og:type\" content=\"article\" \/>\n<meta property=\"og:title\" content=\"Obituary : G\u00e9orgine Fallu, 1922-06-22 \u2013 2020-12-02\" \/>\n<meta property=\"og:description\" content=\"\u00c0 la R\u00e9sidence L\u2019Aube-Rivi\u00e8re de Nouvelle, le 2 d\u00e9cembre 2020 est d\u00e9c\u00e9d\u00e9e \u00e0 l\u2019\u00e2ge de 98 ans\u00a0 Madame Georgine \u00a0Fallu demeurant \u00e0 Nouvelle. Elle \u00e9tait l\u2019\u00e9pouse de feu Roland Leblanc &nbsp; Madame Fallu-Leblanc laisse dans le deuil ses enfants Josette (Denis Loubert) Jean-Yves (C\u00e9line Landry) Monelle (Yvan Landry) ses petits-enfants Marie-Jos\u00e9e Dany Cindy Anne Monica [&hellip;]\" \/>\n<meta property=\"og:url\" content=\"https:\/\/santerreetfils.com\/en\/obituary\/georgine-fallu\/\" \/>\n<meta property=\"og:site_name\" content=\"Santerre &amp; Fils - Maison fun\u00e9raire\" \/>\n<meta property=\"article:modified_time\" content=\"2022-03-05T12:04:07+00:00\" \/>\n<meta property=\"og:image\" content=\"https:\/\/santerreetfils.com\/wp-content\/uploads\/2020\/12\/georgine-fallu-1.jpg\" \/>\n\t<meta property=\"og:image:width\" content=\"336\" \/>\n\t<meta property=\"og:image:height\" content=\"428\" \/>\n\t<meta property=\"og:image:type\" content=\"image\/jpeg\" \/>\n<meta name=\"twitter:card\" content=\"summary_large_image\" \/>\n<meta name=\"twitter:label1\" content=\"Est. reading time\" \/>\n\t<meta name=\"twitter:data1\" content=\"1 minute\" \/>\n<script type=\"application\/ld+json\" class=\"yoast-schema-graph\">{\"@context\":\"https:\/\/schema.org\",\"@graph\":[{\"@type\":\"WebPage\",\"@id\":\"https:\/\/santerreetfils.com\/en\/obituary\/georgine-fallu\/\",\"url\":\"https:\/\/santerreetfils.com\/en\/obituary\/georgine-fallu\/\",\"name\":\"Georgine Fallu - Santerre &amp; Fils - Maison fun\u00e9raire\",\"isPartOf\":{\"@id\":\"https:\/\/santerreetfils.com\/en\/#website\"},\"primaryImageOfPage\":{\"@id\":\"https:\/\/santerreetfils.com\/en\/obituary\/georgine-fallu\/#primaryimage\"},\"image\":{\"@id\":\"https:\/\/santerreetfils.com\/en\/obituary\/georgine-fallu\/#primaryimage\"},\"thumbnailUrl\":\"https:\/\/santerreetfils.com\/wp-content\/uploads\/2020\/12\/georgine-fallu-1.jpg\",\"datePublished\":\"2020-12-03T17:36:43+00:00\",\"dateModified\":\"2022-03-05T12:04:07+00:00\",\"breadcrumb\":{\"@id\":\"https:\/\/santerreetfils.com\/en\/obituary\/georgine-fallu\/#breadcrumb\"},\"inLanguage\":\"en-US\",\"potentialAction\":[{\"@type\":\"ReadAction\",\"target\":[\"https:\/\/santerreetfils.com\/en\/obituary\/georgine-fallu\/\"]}]},{\"@type\":\"ImageObject\",\"inLanguage\":\"en-US\",\"@id\":\"https:\/\/santerreetfils.com\/en\/obituary\/georgine-fallu\/#primaryimage\",\"url\":\"https:\/\/santerreetfils.com\/wp-content\/uploads\/2020\/12\/georgine-fallu-1.jpg\",\"contentUrl\":\"https:\/\/santerreetfils.com\/wp-content\/uploads\/2020\/12\/georgine-fallu-1.jpg\",\"width\":336,\"height\":428},{\"@type\":\"BreadcrumbList\",\"@id\":\"https:\/\/santerreetfils.com\/en\/obituary\/georgine-fallu\/#breadcrumb\",\"itemListElement\":[{\"@type\":\"ListItem\",\"position\":1,\"name\":\"Accueil\",\"item\":\"https:\/\/santerreetfils.com\/en\/\"},{\"@type\":\"ListItem\",\"position\":2,\"name\":\"Avis de d\u00e9c\u00e8s\",\"item\":\"https:\/\/santerreetfils.com\/en\/obituary\/\"},{\"@type\":\"ListItem\",\"position\":3,\"name\":\"Georgine Fallu\"}]},{\"@type\":\"WebSite\",\"@id\":\"https:\/\/santerreetfils.com\/en\/#website\",\"url\":\"https:\/\/santerreetfils.com\/en\/\",\"name\":\"Santerre &amp; Fils - Maison fun\u00e9raire\",\"description\":\"\",\"potentialAction\":[{\"@type\":\"SearchAction\",\"target\":{\"@type\":\"EntryPoint\",\"urlTemplate\":\"https:\/\/santerreetfils.com\/en\/?s={search_term_string}\"},\"query-input\":{\"@type\":\"PropertyValueSpecification\",\"valueRequired\":true,\"valueName\":\"search_term_string\"}}],\"inLanguage\":\"en-US\"}]}<\/script>\n<!-- \/ Yoast SEO plugin. -->","yoast_head_json":{"title":"Obituary : G\u00e9orgine Fallu, 1922-06-22 \u2013 2020-12-02","robots":{"index":"index","follow":"follow","max-snippet":"max-snippet:-1","max-image-preview":"max-image-preview:large","max-video-preview":"max-video-preview:-1"},"canonical":"https:\/\/santerreetfils.com\/en\/obituary\/georgine-fallu\/","og_locale":"en_US","og_type":"article","og_title":"Obituary : G\u00e9orgine Fallu, 1922-06-22 \u2013 2020-12-02","og_description":"\u00c0 la R\u00e9sidence L\u2019Aube-Rivi\u00e8re de Nouvelle, le 2 d\u00e9cembre 2020 est d\u00e9c\u00e9d\u00e9e \u00e0 l\u2019\u00e2ge de 98 ans\u00a0 Madame Georgine \u00a0Fallu demeurant \u00e0 Nouvelle. Elle \u00e9tait l\u2019\u00e9pouse de feu Roland Leblanc &nbsp; Madame Fallu-Leblanc laisse dans le deuil ses enfants Josette (Denis Loubert) Jean-Yves (C\u00e9line Landry) Monelle (Yvan Landry) ses petits-enfants Marie-Jos\u00e9e Dany Cindy Anne Monica [&hellip;]","og_url":"https:\/\/santerreetfils.com\/en\/obituary\/georgine-fallu\/","og_site_name":"Santerre &amp; Fils - Maison fun\u00e9raire","article_modified_time":"2022-03-05T12:04:07+00:00","og_image":[{"width":336,"height":428,"url":"https:\/\/santerreetfils.com\/wp-content\/uploads\/2020\/12\/georgine-fallu-1.jpg","type":"image\/jpeg"}],"twitter_card":"summary_large_image","twitter_misc":{"Est. reading time":"1 minute"},"schema":{"@context":"https:\/\/schema.org","@graph":[{"@type":"WebPage","@id":"https:\/\/santerreetfils.com\/en\/obituary\/georgine-fallu\/","url":"https:\/\/santerreetfils.com\/en\/obituary\/georgine-fallu\/","name":"Georgine Fallu - Santerre &amp; Fils - Maison fun\u00e9raire","isPartOf":{"@id":"https:\/\/santerreetfils.com\/en\/#website"},"primaryImageOfPage":{"@id":"https:\/\/santerreetfils.com\/en\/obituary\/georgine-fallu\/#primaryimage"},"image":{"@id":"https:\/\/santerreetfils.com\/en\/obituary\/georgine-fallu\/#primaryimage"},"thumbnailUrl":"https:\/\/santerreetfils.com\/wp-content\/uploads\/2020\/12\/georgine-fallu-1.jpg","datePublished":"2020-12-03T17:36:43+00:00","dateModified":"2022-03-05T12:04:07+00:00","breadcrumb":{"@id":"https:\/\/santerreetfils.com\/en\/obituary\/georgine-fallu\/#breadcrumb"},"inLanguage":"en-US","potentialAction":[{"@type":"ReadAction","target":["https:\/\/santerreetfils.com\/en\/obituary\/georgine-fallu\/"]}]},{"@type":"ImageObject","inLanguage":"en-US","@id":"https:\/\/santerreetfils.com\/en\/obituary\/georgine-fallu\/#primaryimage","url":"https:\/\/santerreetfils.com\/wp-content\/uploads\/2020\/12\/georgine-fallu-1.jpg","contentUrl":"https:\/\/santerreetfils.com\/wp-content\/uploads\/2020\/12\/georgine-fallu-1.jpg","width":336,"height":428},{"@type":"BreadcrumbList","@id":"https:\/\/santerreetfils.com\/en\/obituary\/georgine-fallu\/#breadcrumb","itemListElement":[{"@type":"ListItem","position":1,"name":"Accueil","item":"https:\/\/santerreetfils.com\/en\/"},{"@type":"ListItem","position":2,"name":"Avis de d\u00e9c\u00e8s","item":"https:\/\/santerreetfils.com\/en\/obituary\/"},{"@type":"ListItem","position":3,"name":"Georgine Fallu"}]},{"@type":"WebSite","@id":"https:\/\/santerreetfils.com\/en\/#website","url":"https:\/\/santerreetfils.com\/en\/","name":"Santerre &amp; Fils - Maison fun\u00e9raire","description":"","potentialAction":[{"@type":"SearchAction","target":{"@type":"EntryPoint","urlTemplate":"https:\/\/santerreetfils.com\/en\/?s={search_term_string}"},"query-input":{"@type":"PropertyValueSpecification","valueRequired":true,"valueName":"search_term_string"}}],"inLanguage":"en-US"}]}},"jetpack_publicize_connections":[],"_links":{"self":[{"href":"https:\/\/santerreetfils.com\/en\/wp-json\/wp\/v2\/deces\/5350","targetHints":{"allow":["GET"]}}],"collection":[{"href":"https:\/\/santerreetfils.com\/en\/wp-json\/wp\/v2\/deces"}],"about":[{"href":"https:\/\/santerreetfils.com\/en\/wp-json\/wp\/v2\/types\/deces"}],"replies":[{"embeddable":true,"href":"https:\/\/santerreetfils.com\/en\/wp-json\/wp\/v2\/comments?post=5350"}],"wp:featuredmedia":[{"embeddable":true,"href":"https:\/\/santerreetfils.com\/en\/wp-json\/wp\/v2\/media\/5352"}],"wp:attachment":[{"href":"https:\/\/santerreetfils.com\/en\/wp-json\/wp\/v2\/media?parent=5350"}],"curies":[{"name":"wp","href":"https:\/\/api.w.org\/{rel}","templated":true}]}}