{"id":5370,"date":"2020-11-09T15:24:52","date_gmt":"2020-11-09T20:24:52","guid":{"rendered":"https:\/\/santerreetfils.com\/avis-de-deces\/geraldine-gallant\/"},"modified":"2022-03-05T07:04:07","modified_gmt":"2022-03-05T12:04:07","slug":"geraldine-gallant","status":"publish","type":"deces","link":"https:\/\/santerreetfils.com\/en\/obituary\/geraldine-gallant\/","title":{"rendered":"G\u00e9raldine Gallant"},"content":{"rendered":"<p>\u00c0 l&#8217;h\u00f4pital de St-Jean-sur-Richelieu, le 9 novembre 2020, est d\u00e9c\u00e9d\u00e9e \u00e0 l\u2019\u00e2ge de 85 ans, <strong>Madame G\u00e9raldine Gallant <\/strong>native de St-Fran\u00e7ois d\u2019Assise, elle demeurait pr\u00e9sentement \u00e0 Richelieu. Elle f\u00fbt l\u2019\u00e9pouse en 1eres noces de feu Fran\u00e7ois Ouellet et en 2emes noces de feu Maurice Vaillancourt. Madame Gallant \u00e9tait la fille de feu Cyrille Gallant et de feue Albertine Doiron.<\/p>\n<p>&nbsp;<\/p>\n<p><strong>Elle laisse dans le deuil<\/strong><\/p>\n<p><strong>Ses enfants<\/strong><br \/>\nFran\u00e7ois Ouellet<br \/>\nMarie-France Ouellet (Daniel Pierre)<br \/>\nSuzanne Ouellet<\/p>\n<p><strong>Ses petits-enfants<\/strong><br \/>\nAudrey Pierre<br \/>\nMarie-Chantal Pierre<\/p>\n<p><strong>Ses autres petits-enfants<\/strong><\/p>\n<p><strong>Ses arri\u00e8re-petits-enfants.\u00a0<\/strong><\/p>\n<p><strong>Ses s\u0153urs<\/strong><br \/>\nFernande<br \/>\nCarmen<\/p>\n<p><strong>Ainsi que ses nombreux neveux et ni\u00e8ces.<\/strong><\/p>\n<p>&nbsp;<\/p>\n<p><em>Suivant les volont\u00e9s de madame Gallant, il n\u2019y aura pas d\u2019exposition ni de fun\u00e9railles. Ses cendres seront inhum\u00e9es en toute intimit\u00e9.<\/em><\/p>\n<p>&nbsp;<\/p>\n<p>La direction a \u00e9t\u00e9 confi\u00e9e \u00e0 la Maison fun\u00e9raire Santerre &amp; fils Inc., de Carleton une entreprise membre et certifi\u00e9e Distinction de la Corporation des Thanatologues du Qu\u00e9bec.<\/p>\n<p>&nbsp;<\/p>\n<p>La famille d\u00e9sire remercier tout le personnel de la\u00a0 R\u00e9sidence Rivi\u00e8re Richelieu \u00e0\u00a0 Richelieu pour leurs soins exceptionnels\u00a0 et \u00a0pour l&#8217;amour qu\u2019ils ont envers leurs r\u00e9sidents.<\/p>\n<p>&nbsp;<\/p>\n<p>Le personnel de la Maison fun\u00e9raire Santerre &amp; fils Inc., offre \u00e0 la famille ses plus sinc\u00e8res condol\u00e9ances et la remercie pour sa confiance.<\/p>\n","protected":false},"featured_media":5371,"comment_status":"open","ping_status":"closed","template":"","meta":{"_acf_changed":false,"jetpack_publicize_message":"","jetpack_publicize_feature_enabled":true,"jetpack_social_post_already_shared":false,"jetpack_social_options":{"image_generator_settings":{"template":"highway","default_image_id":0,"font":"","enabled":false},"version":2}},"class_list":["post-5370","deces","type-deces","status-publish","has-post-thumbnail","hentry"],"acf":[],"yoast_head":"<!-- This site is optimized with the Yoast SEO plugin v26.9 - https:\/\/yoast.com\/product\/yoast-seo-wordpress\/ -->\n<title>Obituary : G\u00e9raldine Gallant, 1935-07-29 \u2013 2020-11-09<\/title>\n<meta name=\"robots\" content=\"index, follow, max-snippet:-1, max-image-preview:large, max-video-preview:-1\" \/>\n<link rel=\"canonical\" href=\"https:\/\/santerreetfils.com\/en\/obituary\/geraldine-gallant\/\" \/>\n<meta property=\"og:locale\" content=\"en_US\" \/>\n<meta property=\"og:type\" content=\"article\" \/>\n<meta property=\"og:title\" content=\"Obituary : G\u00e9raldine Gallant, 1935-07-29 \u2013 2020-11-09\" \/>\n<meta property=\"og:description\" content=\"\u00c0 l&#8217;h\u00f4pital de St-Jean-sur-Richelieu, le 9 novembre 2020, est d\u00e9c\u00e9d\u00e9e \u00e0 l\u2019\u00e2ge de 85 ans, Madame G\u00e9raldine Gallant native de St-Fran\u00e7ois d\u2019Assise, elle demeurait pr\u00e9sentement \u00e0 Richelieu. Elle f\u00fbt l\u2019\u00e9pouse en 1eres noces de feu Fran\u00e7ois Ouellet et en 2emes noces de feu Maurice Vaillancourt. Madame Gallant \u00e9tait la fille de feu Cyrille Gallant et [&hellip;]\" \/>\n<meta property=\"og:url\" content=\"https:\/\/santerreetfils.com\/en\/obituary\/geraldine-gallant\/\" \/>\n<meta property=\"og:site_name\" content=\"Santerre &amp; Fils - Maison fun\u00e9raire\" \/>\n<meta property=\"article:modified_time\" content=\"2022-03-05T12:04:07+00:00\" \/>\n<meta property=\"og:image\" content=\"https:\/\/santerreetfils.com\/wp-content\/uploads\/2020\/04\/mer-et-fleurs-jaune.jpg\" \/>\n\t<meta property=\"og:image:width\" content=\"720\" \/>\n\t<meta property=\"og:image:height\" content=\"960\" \/>\n\t<meta property=\"og:image:type\" content=\"image\/jpeg\" \/>\n<meta name=\"twitter:card\" content=\"summary_large_image\" \/>\n<meta name=\"twitter:label1\" content=\"Est. reading time\" \/>\n\t<meta name=\"twitter:data1\" content=\"1 minute\" \/>\n<script type=\"application\/ld+json\" class=\"yoast-schema-graph\">{\"@context\":\"https:\/\/schema.org\",\"@graph\":[{\"@type\":\"WebPage\",\"@id\":\"https:\/\/santerreetfils.com\/en\/obituary\/geraldine-gallant\/\",\"url\":\"https:\/\/santerreetfils.com\/en\/obituary\/geraldine-gallant\/\",\"name\":\"G\u00e9raldine Gallant - Santerre &amp; Fils - Maison fun\u00e9raire\",\"isPartOf\":{\"@id\":\"https:\/\/santerreetfils.com\/en\/#website\"},\"primaryImageOfPage\":{\"@id\":\"https:\/\/santerreetfils.com\/en\/obituary\/geraldine-gallant\/#primaryimage\"},\"image\":{\"@id\":\"https:\/\/santerreetfils.com\/en\/obituary\/geraldine-gallant\/#primaryimage\"},\"thumbnailUrl\":\"https:\/\/santerreetfils.com\/wp-content\/uploads\/2020\/04\/mer-et-fleurs-jaune.jpg\",\"datePublished\":\"2020-11-09T20:24:52+00:00\",\"dateModified\":\"2022-03-05T12:04:07+00:00\",\"breadcrumb\":{\"@id\":\"https:\/\/santerreetfils.com\/en\/obituary\/geraldine-gallant\/#breadcrumb\"},\"inLanguage\":\"en-US\",\"potentialAction\":[{\"@type\":\"ReadAction\",\"target\":[\"https:\/\/santerreetfils.com\/en\/obituary\/geraldine-gallant\/\"]}]},{\"@type\":\"ImageObject\",\"inLanguage\":\"en-US\",\"@id\":\"https:\/\/santerreetfils.com\/en\/obituary\/geraldine-gallant\/#primaryimage\",\"url\":\"https:\/\/santerreetfils.com\/wp-content\/uploads\/2020\/04\/mer-et-fleurs-jaune.jpg\",\"contentUrl\":\"https:\/\/santerreetfils.com\/wp-content\/uploads\/2020\/04\/mer-et-fleurs-jaune.jpg\",\"width\":720,\"height\":960},{\"@type\":\"BreadcrumbList\",\"@id\":\"https:\/\/santerreetfils.com\/en\/obituary\/geraldine-gallant\/#breadcrumb\",\"itemListElement\":[{\"@type\":\"ListItem\",\"position\":1,\"name\":\"Accueil\",\"item\":\"https:\/\/santerreetfils.com\/en\/\"},{\"@type\":\"ListItem\",\"position\":2,\"name\":\"Avis de d\u00e9c\u00e8s\",\"item\":\"https:\/\/santerreetfils.com\/en\/obituary\/\"},{\"@type\":\"ListItem\",\"position\":3,\"name\":\"G\u00e9raldine Gallant\"}]},{\"@type\":\"WebSite\",\"@id\":\"https:\/\/santerreetfils.com\/en\/#website\",\"url\":\"https:\/\/santerreetfils.com\/en\/\",\"name\":\"Santerre &amp; Fils - Maison fun\u00e9raire\",\"description\":\"\",\"potentialAction\":[{\"@type\":\"SearchAction\",\"target\":{\"@type\":\"EntryPoint\",\"urlTemplate\":\"https:\/\/santerreetfils.com\/en\/?s={search_term_string}\"},\"query-input\":{\"@type\":\"PropertyValueSpecification\",\"valueRequired\":true,\"valueName\":\"search_term_string\"}}],\"inLanguage\":\"en-US\"}]}<\/script>\n<!-- \/ Yoast SEO plugin. -->","yoast_head_json":{"title":"Obituary : G\u00e9raldine Gallant, 1935-07-29 \u2013 2020-11-09","robots":{"index":"index","follow":"follow","max-snippet":"max-snippet:-1","max-image-preview":"max-image-preview:large","max-video-preview":"max-video-preview:-1"},"canonical":"https:\/\/santerreetfils.com\/en\/obituary\/geraldine-gallant\/","og_locale":"en_US","og_type":"article","og_title":"Obituary : G\u00e9raldine Gallant, 1935-07-29 \u2013 2020-11-09","og_description":"\u00c0 l&#8217;h\u00f4pital de St-Jean-sur-Richelieu, le 9 novembre 2020, est d\u00e9c\u00e9d\u00e9e \u00e0 l\u2019\u00e2ge de 85 ans, Madame G\u00e9raldine Gallant native de St-Fran\u00e7ois d\u2019Assise, elle demeurait pr\u00e9sentement \u00e0 Richelieu. Elle f\u00fbt l\u2019\u00e9pouse en 1eres noces de feu Fran\u00e7ois Ouellet et en 2emes noces de feu Maurice Vaillancourt. Madame Gallant \u00e9tait la fille de feu Cyrille Gallant et [&hellip;]","og_url":"https:\/\/santerreetfils.com\/en\/obituary\/geraldine-gallant\/","og_site_name":"Santerre &amp; Fils - Maison fun\u00e9raire","article_modified_time":"2022-03-05T12:04:07+00:00","og_image":[{"width":720,"height":960,"url":"https:\/\/santerreetfils.com\/wp-content\/uploads\/2020\/04\/mer-et-fleurs-jaune.jpg","type":"image\/jpeg"}],"twitter_card":"summary_large_image","twitter_misc":{"Est. reading time":"1 minute"},"schema":{"@context":"https:\/\/schema.org","@graph":[{"@type":"WebPage","@id":"https:\/\/santerreetfils.com\/en\/obituary\/geraldine-gallant\/","url":"https:\/\/santerreetfils.com\/en\/obituary\/geraldine-gallant\/","name":"G\u00e9raldine Gallant - Santerre &amp; Fils - Maison fun\u00e9raire","isPartOf":{"@id":"https:\/\/santerreetfils.com\/en\/#website"},"primaryImageOfPage":{"@id":"https:\/\/santerreetfils.com\/en\/obituary\/geraldine-gallant\/#primaryimage"},"image":{"@id":"https:\/\/santerreetfils.com\/en\/obituary\/geraldine-gallant\/#primaryimage"},"thumbnailUrl":"https:\/\/santerreetfils.com\/wp-content\/uploads\/2020\/04\/mer-et-fleurs-jaune.jpg","datePublished":"2020-11-09T20:24:52+00:00","dateModified":"2022-03-05T12:04:07+00:00","breadcrumb":{"@id":"https:\/\/santerreetfils.com\/en\/obituary\/geraldine-gallant\/#breadcrumb"},"inLanguage":"en-US","potentialAction":[{"@type":"ReadAction","target":["https:\/\/santerreetfils.com\/en\/obituary\/geraldine-gallant\/"]}]},{"@type":"ImageObject","inLanguage":"en-US","@id":"https:\/\/santerreetfils.com\/en\/obituary\/geraldine-gallant\/#primaryimage","url":"https:\/\/santerreetfils.com\/wp-content\/uploads\/2020\/04\/mer-et-fleurs-jaune.jpg","contentUrl":"https:\/\/santerreetfils.com\/wp-content\/uploads\/2020\/04\/mer-et-fleurs-jaune.jpg","width":720,"height":960},{"@type":"BreadcrumbList","@id":"https:\/\/santerreetfils.com\/en\/obituary\/geraldine-gallant\/#breadcrumb","itemListElement":[{"@type":"ListItem","position":1,"name":"Accueil","item":"https:\/\/santerreetfils.com\/en\/"},{"@type":"ListItem","position":2,"name":"Avis de d\u00e9c\u00e8s","item":"https:\/\/santerreetfils.com\/en\/obituary\/"},{"@type":"ListItem","position":3,"name":"G\u00e9raldine Gallant"}]},{"@type":"WebSite","@id":"https:\/\/santerreetfils.com\/en\/#website","url":"https:\/\/santerreetfils.com\/en\/","name":"Santerre &amp; Fils - Maison fun\u00e9raire","description":"","potentialAction":[{"@type":"SearchAction","target":{"@type":"EntryPoint","urlTemplate":"https:\/\/santerreetfils.com\/en\/?s={search_term_string}"},"query-input":{"@type":"PropertyValueSpecification","valueRequired":true,"valueName":"search_term_string"}}],"inLanguage":"en-US"}]}},"jetpack_publicize_connections":[],"_links":{"self":[{"href":"https:\/\/santerreetfils.com\/en\/wp-json\/wp\/v2\/deces\/5370","targetHints":{"allow":["GET"]}}],"collection":[{"href":"https:\/\/santerreetfils.com\/en\/wp-json\/wp\/v2\/deces"}],"about":[{"href":"https:\/\/santerreetfils.com\/en\/wp-json\/wp\/v2\/types\/deces"}],"replies":[{"embeddable":true,"href":"https:\/\/santerreetfils.com\/en\/wp-json\/wp\/v2\/comments?post=5370"}],"wp:featuredmedia":[{"embeddable":true,"href":"https:\/\/santerreetfils.com\/en\/wp-json\/wp\/v2\/media\/5371"}],"wp:attachment":[{"href":"https:\/\/santerreetfils.com\/en\/wp-json\/wp\/v2\/media?parent=5370"}],"curies":[{"name":"wp","href":"https:\/\/api.w.org\/{rel}","templated":true}]}}