{"id":7260,"date":"2018-06-13T11:23:10","date_gmt":"2018-06-13T15:23:10","guid":{"rendered":"https:\/\/santerreetfils.com\/avis-de-deces\/louise-dion\/"},"modified":"2022-03-05T07:29:14","modified_gmt":"2022-03-05T12:29:14","slug":"louise-dion","status":"publish","type":"deces","link":"https:\/\/santerreetfils.com\/en\/obituary\/louise-dion\/","title":{"rendered":"Louise DION"},"content":{"rendered":"<p>Au Centre Hospitalier Baie-des-Chaleurs de Maria le 12 novembre, est d\u00e9c\u00e9d\u00e9e \u00e0 l\u2019\u00e2ge de 60 ans, madame Louise Dion, demeurant \u00e0 Maria.<\/p>\n<p>Madame Dion laisse dans le deuil Robert Georges Farley, son fr\u00e8re Michel (V\u00e9ronique), ses s\u0153urs Normande, Fran\u00e7oise et H\u00e9l\u00e8ne (Jude) ainsi que de nombreux neveux et ni\u00e8ces.<\/p>\n<p>Une courte c\u00e9r\u00e9monie et la mise en terre aura lieu au cimeti\u00e8re de Maria le samedi 19 novembre \u00e0 14h. Parents et amis y sont invit\u00e9s.<\/p>\n<p>La direction a \u00e9t\u00e9 confi\u00e9e \u00e0 la Maison Fun\u00e9raire Santerre &#038; Fils inc., de Maria.<\/p>\n<p>Entreprise membre de la Corporation des Thanatologues du Qu\u00e9bec.<\/p>\n<p>Vous pouvez \u00e9galement consulter nos avis de d\u00e9c\u00e8s sur notre site web au : <br \/>www.santerreetfils.com.\t<br \/>Ceux et celles qui le d\u00e9sirent peuvent y envoyer des marques de sympathies<\/p>\n<p>\n","protected":false},"featured_media":0,"comment_status":"open","ping_status":"closed","template":"","meta":{"_acf_changed":false,"jetpack_publicize_message":"","jetpack_publicize_feature_enabled":true,"jetpack_social_post_already_shared":false,"jetpack_social_options":{"image_generator_settings":{"template":"highway","default_image_id":0,"font":"","enabled":false},"version":2}},"class_list":["post-7260","deces","type-deces","status-publish","hentry"],"acf":[],"yoast_head":"<!-- This site is optimized with the Yoast SEO plugin v26.9 - https:\/\/yoast.com\/product\/yoast-seo-wordpress\/ -->\n<title>Obituary : Louise DION, 1951-11-12 \u2013 2011-11-12<\/title>\n<meta name=\"robots\" content=\"index, follow, max-snippet:-1, max-image-preview:large, max-video-preview:-1\" \/>\n<link rel=\"canonical\" href=\"https:\/\/santerreetfils.com\/en\/obituary\/louise-dion\/\" \/>\n<meta property=\"og:locale\" content=\"en_US\" \/>\n<meta property=\"og:type\" content=\"article\" \/>\n<meta property=\"og:title\" content=\"Obituary : Louise DION, 1951-11-12 \u2013 2011-11-12\" \/>\n<meta property=\"og:description\" content=\"Au Centre Hospitalier Baie-des-Chaleurs de Maria le 12 novembre, est d\u00e9c\u00e9d\u00e9e \u00e0 l\u2019\u00e2ge de 60 ans, madame Louise Dion, demeurant \u00e0 Maria. Madame Dion laisse dans le deuil Robert Georges Farley, son fr\u00e8re Michel (V\u00e9ronique), ses s\u0153urs Normande, Fran\u00e7oise et H\u00e9l\u00e8ne (Jude) ainsi que de nombreux neveux et ni\u00e8ces. Une courte c\u00e9r\u00e9monie et la mise [&hellip;]\" \/>\n<meta property=\"og:url\" content=\"https:\/\/santerreetfils.com\/en\/obituary\/louise-dion\/\" \/>\n<meta property=\"og:site_name\" content=\"Santerre &amp; Fils - Maison fun\u00e9raire\" \/>\n<meta property=\"article:modified_time\" content=\"2022-03-05T12:29:14+00:00\" \/>\n<meta property=\"og:image\" content=\"https:\/\/santerreetfils.com\/wp-content\/uploads\/2019\/01\/famille_santerre_accueil.jpg\" \/>\n\t<meta property=\"og:image:width\" content=\"1000\" \/>\n\t<meta property=\"og:image:height\" content=\"664\" \/>\n\t<meta property=\"og:image:type\" content=\"image\/jpeg\" \/>\n<meta name=\"twitter:card\" content=\"summary_large_image\" \/>\n<meta name=\"twitter:label1\" content=\"Est. reading time\" \/>\n\t<meta name=\"twitter:data1\" content=\"1 minute\" \/>\n<script type=\"application\/ld+json\" class=\"yoast-schema-graph\">{\"@context\":\"https:\/\/schema.org\",\"@graph\":[{\"@type\":\"WebPage\",\"@id\":\"https:\/\/santerreetfils.com\/en\/obituary\/louise-dion\/\",\"url\":\"https:\/\/santerreetfils.com\/en\/obituary\/louise-dion\/\",\"name\":\"Louise DION - Santerre &amp; Fils - Maison fun\u00e9raire\",\"isPartOf\":{\"@id\":\"https:\/\/santerreetfils.com\/en\/#website\"},\"datePublished\":\"2018-06-13T15:23:10+00:00\",\"dateModified\":\"2022-03-05T12:29:14+00:00\",\"breadcrumb\":{\"@id\":\"https:\/\/santerreetfils.com\/en\/obituary\/louise-dion\/#breadcrumb\"},\"inLanguage\":\"en-US\",\"potentialAction\":[{\"@type\":\"ReadAction\",\"target\":[\"https:\/\/santerreetfils.com\/en\/obituary\/louise-dion\/\"]}]},{\"@type\":\"BreadcrumbList\",\"@id\":\"https:\/\/santerreetfils.com\/en\/obituary\/louise-dion\/#breadcrumb\",\"itemListElement\":[{\"@type\":\"ListItem\",\"position\":1,\"name\":\"Accueil\",\"item\":\"https:\/\/santerreetfils.com\/en\/\"},{\"@type\":\"ListItem\",\"position\":2,\"name\":\"Avis de d\u00e9c\u00e8s\",\"item\":\"https:\/\/santerreetfils.com\/en\/obituary\/\"},{\"@type\":\"ListItem\",\"position\":3,\"name\":\"Louise DION\"}]},{\"@type\":\"WebSite\",\"@id\":\"https:\/\/santerreetfils.com\/en\/#website\",\"url\":\"https:\/\/santerreetfils.com\/en\/\",\"name\":\"Santerre &amp; Fils - Maison fun\u00e9raire\",\"description\":\"\",\"potentialAction\":[{\"@type\":\"SearchAction\",\"target\":{\"@type\":\"EntryPoint\",\"urlTemplate\":\"https:\/\/santerreetfils.com\/en\/?s={search_term_string}\"},\"query-input\":{\"@type\":\"PropertyValueSpecification\",\"valueRequired\":true,\"valueName\":\"search_term_string\"}}],\"inLanguage\":\"en-US\"}]}<\/script>\n<!-- \/ Yoast SEO plugin. -->","yoast_head_json":{"title":"Obituary : Louise DION, 1951-11-12 \u2013 2011-11-12","robots":{"index":"index","follow":"follow","max-snippet":"max-snippet:-1","max-image-preview":"max-image-preview:large","max-video-preview":"max-video-preview:-1"},"canonical":"https:\/\/santerreetfils.com\/en\/obituary\/louise-dion\/","og_locale":"en_US","og_type":"article","og_title":"Obituary : Louise DION, 1951-11-12 \u2013 2011-11-12","og_description":"Au Centre Hospitalier Baie-des-Chaleurs de Maria le 12 novembre, est d\u00e9c\u00e9d\u00e9e \u00e0 l\u2019\u00e2ge de 60 ans, madame Louise Dion, demeurant \u00e0 Maria. Madame Dion laisse dans le deuil Robert Georges Farley, son fr\u00e8re Michel (V\u00e9ronique), ses s\u0153urs Normande, Fran\u00e7oise et H\u00e9l\u00e8ne (Jude) ainsi que de nombreux neveux et ni\u00e8ces. Une courte c\u00e9r\u00e9monie et la mise [&hellip;]","og_url":"https:\/\/santerreetfils.com\/en\/obituary\/louise-dion\/","og_site_name":"Santerre &amp; Fils - Maison fun\u00e9raire","article_modified_time":"2022-03-05T12:29:14+00:00","og_image":[{"width":1000,"height":664,"url":"https:\/\/santerreetfils.com\/wp-content\/uploads\/2019\/01\/famille_santerre_accueil.jpg","type":"image\/jpeg"}],"twitter_card":"summary_large_image","twitter_misc":{"Est. reading time":"1 minute"},"schema":{"@context":"https:\/\/schema.org","@graph":[{"@type":"WebPage","@id":"https:\/\/santerreetfils.com\/en\/obituary\/louise-dion\/","url":"https:\/\/santerreetfils.com\/en\/obituary\/louise-dion\/","name":"Louise DION - Santerre &amp; Fils - Maison fun\u00e9raire","isPartOf":{"@id":"https:\/\/santerreetfils.com\/en\/#website"},"datePublished":"2018-06-13T15:23:10+00:00","dateModified":"2022-03-05T12:29:14+00:00","breadcrumb":{"@id":"https:\/\/santerreetfils.com\/en\/obituary\/louise-dion\/#breadcrumb"},"inLanguage":"en-US","potentialAction":[{"@type":"ReadAction","target":["https:\/\/santerreetfils.com\/en\/obituary\/louise-dion\/"]}]},{"@type":"BreadcrumbList","@id":"https:\/\/santerreetfils.com\/en\/obituary\/louise-dion\/#breadcrumb","itemListElement":[{"@type":"ListItem","position":1,"name":"Accueil","item":"https:\/\/santerreetfils.com\/en\/"},{"@type":"ListItem","position":2,"name":"Avis de d\u00e9c\u00e8s","item":"https:\/\/santerreetfils.com\/en\/obituary\/"},{"@type":"ListItem","position":3,"name":"Louise DION"}]},{"@type":"WebSite","@id":"https:\/\/santerreetfils.com\/en\/#website","url":"https:\/\/santerreetfils.com\/en\/","name":"Santerre &amp; Fils - Maison fun\u00e9raire","description":"","potentialAction":[{"@type":"SearchAction","target":{"@type":"EntryPoint","urlTemplate":"https:\/\/santerreetfils.com\/en\/?s={search_term_string}"},"query-input":{"@type":"PropertyValueSpecification","valueRequired":true,"valueName":"search_term_string"}}],"inLanguage":"en-US"}]}},"jetpack_publicize_connections":[],"_links":{"self":[{"href":"https:\/\/santerreetfils.com\/en\/wp-json\/wp\/v2\/deces\/7260","targetHints":{"allow":["GET"]}}],"collection":[{"href":"https:\/\/santerreetfils.com\/en\/wp-json\/wp\/v2\/deces"}],"about":[{"href":"https:\/\/santerreetfils.com\/en\/wp-json\/wp\/v2\/types\/deces"}],"replies":[{"embeddable":true,"href":"https:\/\/santerreetfils.com\/en\/wp-json\/wp\/v2\/comments?post=7260"}],"wp:attachment":[{"href":"https:\/\/santerreetfils.com\/en\/wp-json\/wp\/v2\/media?parent=7260"}],"curies":[{"name":"wp","href":"https:\/\/api.w.org\/{rel}","templated":true}]}}