{"id":7279,"date":"2018-06-13T11:23:09","date_gmt":"2018-06-13T15:23:09","guid":{"rendered":"https:\/\/santerreetfils.com\/avis-de-deces\/rejean-pineault\/"},"modified":"2022-03-05T07:29:14","modified_gmt":"2022-03-05T12:29:14","slug":"rejean-pineault","status":"publish","type":"deces","link":"https:\/\/santerreetfils.com\/en\/obituary\/rejean-pineault\/","title":{"rendered":"R\u00e9jean PINEAULT"},"content":{"rendered":"<p>\u00c0 l\u2019H\u00f4pital R\u00e9gional de Campbellton le 13 septembre, est d\u00e9c\u00e9d\u00e9 \u00e0 l\u2019\u00e2ge de 60 ans  monsieur R\u00e9jean Pineault, \u00e9poux de dame Lise Lagac\u00e9, demeurant \u00e0 L\u2019Ascension.<\/p>\n<p>M. Pineault laisse dans le deuil, outre son \u00e9pouse Lise, ses filles : Julie (Marc-Andr\u00e9 Gallant), Louise (St\u00e9phane Pruno), son petit fils Xavier, sa m\u00e8re Mme L\u00e9onie L\u00e9vesque, ses fr\u00e8res et s\u0153urs : Colette (Gervais), R\u00e9gis (Claudette), Donald (Lucette), Carmelle et Micheline. Lui ont pr\u00e9c\u00e9d\u00e9 son fr\u00e8re Ga\u00e9tan ainsi que son p\u00e8re Delphis.<\/p>\n<p>La famille recevra les condol\u00e9ances, le vendredi 16 septembre \u00e0 compter de 19h au salon de St-Fran\u00e7ois d\u2019Assise.<\/p>\n<p>Les heures de visite sont de 19h \u00e0 21h       <\/p>\n<p>Les fun\u00e9railles auront lieu \u00e0 l\u2019\u00e9glise de L\u2019Ascension, le samedi 17 septembre \u00e0 10h et de l\u00e0 au cimeti\u00e8re de l\u2019endroit. <\/p>\n<p>Il est \u00e0 noter que samedi, jour des fun\u00e9railles le salon ouvrira \u00e0 8h45.<\/p>\n<p>La direction a \u00e9t\u00e9 confi\u00e9e \u00e0 la Maison Fun\u00e9raire Santerre &#038; Fils inc., de <br \/>St-Alexis.<\/p>\n<p>Entreprise affili\u00e9e \u00e0 la Corporation des Thanatologues du Qu\u00e9bec.<\/p>\n<p>Vous pouvez \u00e9galement consulter nos avis de d\u00e9c\u00e8s sur notre site web au : <br \/>www.santerreetfils.com.<\/p>\n<p>\n","protected":false},"featured_media":0,"comment_status":"open","ping_status":"closed","template":"","meta":{"_acf_changed":false,"jetpack_publicize_message":"","jetpack_publicize_feature_enabled":true,"jetpack_social_post_already_shared":false,"jetpack_social_options":{"image_generator_settings":{"template":"highway","default_image_id":0,"font":"","enabled":false},"version":2}},"class_list":["post-7279","deces","type-deces","status-publish","hentry"],"acf":[],"yoast_head":"<!-- This site is optimized with the Yoast SEO plugin v26.9 - https:\/\/yoast.com\/product\/yoast-seo-wordpress\/ -->\n<title>Obituary : R\u00e9jean PINEAULT, 1951-09-13 \u2013 2011-09-13<\/title>\n<meta name=\"robots\" content=\"index, follow, max-snippet:-1, max-image-preview:large, max-video-preview:-1\" \/>\n<link rel=\"canonical\" href=\"https:\/\/santerreetfils.com\/en\/obituary\/rejean-pineault\/\" \/>\n<meta property=\"og:locale\" content=\"en_US\" \/>\n<meta property=\"og:type\" content=\"article\" \/>\n<meta property=\"og:title\" content=\"Obituary : R\u00e9jean PINEAULT, 1951-09-13 \u2013 2011-09-13\" \/>\n<meta property=\"og:description\" content=\"\u00c0 l\u2019H\u00f4pital R\u00e9gional de Campbellton le 13 septembre, est d\u00e9c\u00e9d\u00e9 \u00e0 l\u2019\u00e2ge de 60 ans monsieur R\u00e9jean Pineault, \u00e9poux de dame Lise Lagac\u00e9, demeurant \u00e0 L\u2019Ascension. M. Pineault laisse dans le deuil, outre son \u00e9pouse Lise, ses filles : Julie (Marc-Andr\u00e9 Gallant), Louise (St\u00e9phane Pruno), son petit fils Xavier, sa m\u00e8re Mme L\u00e9onie L\u00e9vesque, ses [&hellip;]\" \/>\n<meta property=\"og:url\" content=\"https:\/\/santerreetfils.com\/en\/obituary\/rejean-pineault\/\" \/>\n<meta property=\"og:site_name\" content=\"Santerre &amp; Fils - Maison fun\u00e9raire\" \/>\n<meta property=\"article:modified_time\" content=\"2022-03-05T12:29:14+00:00\" \/>\n<meta property=\"og:image\" content=\"https:\/\/santerreetfils.com\/wp-content\/uploads\/2019\/01\/famille_santerre_accueil.jpg\" \/>\n\t<meta property=\"og:image:width\" content=\"1000\" \/>\n\t<meta property=\"og:image:height\" content=\"664\" \/>\n\t<meta property=\"og:image:type\" content=\"image\/jpeg\" \/>\n<meta name=\"twitter:card\" content=\"summary_large_image\" \/>\n<meta name=\"twitter:label1\" content=\"Est. reading time\" \/>\n\t<meta name=\"twitter:data1\" content=\"1 minute\" \/>\n<script type=\"application\/ld+json\" class=\"yoast-schema-graph\">{\"@context\":\"https:\/\/schema.org\",\"@graph\":[{\"@type\":\"WebPage\",\"@id\":\"https:\/\/santerreetfils.com\/en\/obituary\/rejean-pineault\/\",\"url\":\"https:\/\/santerreetfils.com\/en\/obituary\/rejean-pineault\/\",\"name\":\"R\u00e9jean PINEAULT - Santerre &amp; Fils - Maison fun\u00e9raire\",\"isPartOf\":{\"@id\":\"https:\/\/santerreetfils.com\/en\/#website\"},\"datePublished\":\"2018-06-13T15:23:09+00:00\",\"dateModified\":\"2022-03-05T12:29:14+00:00\",\"breadcrumb\":{\"@id\":\"https:\/\/santerreetfils.com\/en\/obituary\/rejean-pineault\/#breadcrumb\"},\"inLanguage\":\"en-US\",\"potentialAction\":[{\"@type\":\"ReadAction\",\"target\":[\"https:\/\/santerreetfils.com\/en\/obituary\/rejean-pineault\/\"]}]},{\"@type\":\"BreadcrumbList\",\"@id\":\"https:\/\/santerreetfils.com\/en\/obituary\/rejean-pineault\/#breadcrumb\",\"itemListElement\":[{\"@type\":\"ListItem\",\"position\":1,\"name\":\"Accueil\",\"item\":\"https:\/\/santerreetfils.com\/en\/\"},{\"@type\":\"ListItem\",\"position\":2,\"name\":\"Avis de d\u00e9c\u00e8s\",\"item\":\"https:\/\/santerreetfils.com\/en\/obituary\/\"},{\"@type\":\"ListItem\",\"position\":3,\"name\":\"R\u00e9jean PINEAULT\"}]},{\"@type\":\"WebSite\",\"@id\":\"https:\/\/santerreetfils.com\/en\/#website\",\"url\":\"https:\/\/santerreetfils.com\/en\/\",\"name\":\"Santerre &amp; Fils - Maison fun\u00e9raire\",\"description\":\"\",\"potentialAction\":[{\"@type\":\"SearchAction\",\"target\":{\"@type\":\"EntryPoint\",\"urlTemplate\":\"https:\/\/santerreetfils.com\/en\/?s={search_term_string}\"},\"query-input\":{\"@type\":\"PropertyValueSpecification\",\"valueRequired\":true,\"valueName\":\"search_term_string\"}}],\"inLanguage\":\"en-US\"}]}<\/script>\n<!-- \/ Yoast SEO plugin. -->","yoast_head_json":{"title":"Obituary : R\u00e9jean PINEAULT, 1951-09-13 \u2013 2011-09-13","robots":{"index":"index","follow":"follow","max-snippet":"max-snippet:-1","max-image-preview":"max-image-preview:large","max-video-preview":"max-video-preview:-1"},"canonical":"https:\/\/santerreetfils.com\/en\/obituary\/rejean-pineault\/","og_locale":"en_US","og_type":"article","og_title":"Obituary : R\u00e9jean PINEAULT, 1951-09-13 \u2013 2011-09-13","og_description":"\u00c0 l\u2019H\u00f4pital R\u00e9gional de Campbellton le 13 septembre, est d\u00e9c\u00e9d\u00e9 \u00e0 l\u2019\u00e2ge de 60 ans monsieur R\u00e9jean Pineault, \u00e9poux de dame Lise Lagac\u00e9, demeurant \u00e0 L\u2019Ascension. M. Pineault laisse dans le deuil, outre son \u00e9pouse Lise, ses filles : Julie (Marc-Andr\u00e9 Gallant), Louise (St\u00e9phane Pruno), son petit fils Xavier, sa m\u00e8re Mme L\u00e9onie L\u00e9vesque, ses [&hellip;]","og_url":"https:\/\/santerreetfils.com\/en\/obituary\/rejean-pineault\/","og_site_name":"Santerre &amp; Fils - Maison fun\u00e9raire","article_modified_time":"2022-03-05T12:29:14+00:00","og_image":[{"width":1000,"height":664,"url":"https:\/\/santerreetfils.com\/wp-content\/uploads\/2019\/01\/famille_santerre_accueil.jpg","type":"image\/jpeg"}],"twitter_card":"summary_large_image","twitter_misc":{"Est. reading time":"1 minute"},"schema":{"@context":"https:\/\/schema.org","@graph":[{"@type":"WebPage","@id":"https:\/\/santerreetfils.com\/en\/obituary\/rejean-pineault\/","url":"https:\/\/santerreetfils.com\/en\/obituary\/rejean-pineault\/","name":"R\u00e9jean PINEAULT - Santerre &amp; Fils - Maison fun\u00e9raire","isPartOf":{"@id":"https:\/\/santerreetfils.com\/en\/#website"},"datePublished":"2018-06-13T15:23:09+00:00","dateModified":"2022-03-05T12:29:14+00:00","breadcrumb":{"@id":"https:\/\/santerreetfils.com\/en\/obituary\/rejean-pineault\/#breadcrumb"},"inLanguage":"en-US","potentialAction":[{"@type":"ReadAction","target":["https:\/\/santerreetfils.com\/en\/obituary\/rejean-pineault\/"]}]},{"@type":"BreadcrumbList","@id":"https:\/\/santerreetfils.com\/en\/obituary\/rejean-pineault\/#breadcrumb","itemListElement":[{"@type":"ListItem","position":1,"name":"Accueil","item":"https:\/\/santerreetfils.com\/en\/"},{"@type":"ListItem","position":2,"name":"Avis de d\u00e9c\u00e8s","item":"https:\/\/santerreetfils.com\/en\/obituary\/"},{"@type":"ListItem","position":3,"name":"R\u00e9jean PINEAULT"}]},{"@type":"WebSite","@id":"https:\/\/santerreetfils.com\/en\/#website","url":"https:\/\/santerreetfils.com\/en\/","name":"Santerre &amp; Fils - Maison fun\u00e9raire","description":"","potentialAction":[{"@type":"SearchAction","target":{"@type":"EntryPoint","urlTemplate":"https:\/\/santerreetfils.com\/en\/?s={search_term_string}"},"query-input":{"@type":"PropertyValueSpecification","valueRequired":true,"valueName":"search_term_string"}}],"inLanguage":"en-US"}]}},"jetpack_publicize_connections":[],"_links":{"self":[{"href":"https:\/\/santerreetfils.com\/en\/wp-json\/wp\/v2\/deces\/7279","targetHints":{"allow":["GET"]}}],"collection":[{"href":"https:\/\/santerreetfils.com\/en\/wp-json\/wp\/v2\/deces"}],"about":[{"href":"https:\/\/santerreetfils.com\/en\/wp-json\/wp\/v2\/types\/deces"}],"replies":[{"embeddable":true,"href":"https:\/\/santerreetfils.com\/en\/wp-json\/wp\/v2\/comments?post=7279"}],"wp:attachment":[{"href":"https:\/\/santerreetfils.com\/en\/wp-json\/wp\/v2\/media?parent=7279"}],"curies":[{"name":"wp","href":"https:\/\/api.w.org\/{rel}","templated":true}]}}